{"id":86,"date":"2018-04-19T13:40:41","date_gmt":"2018-04-19T11:40:41","guid":{"rendered":"http:\/\/beta.technopark.elk.pl\/?page_id=86"},"modified":"2026-01-05T14:04:11","modified_gmt":"2026-01-05T13:04:11","slug":"biura-i-hale-produkcyjne","status":"publish","type":"page","link":"https:\/\/technopark.elk.pl\/en\/oferta\/biura-i-hale-produkcyjne\/","title":{"rendered":"Wynajem powierzchni"},"content":{"rendered":"<p><\/p>\n<h3 style=\"text-align: left;\" align=\"center\">WYNAJEM POWIERZCHNI W PNT:<\/h3>\n<h3 style=\"text-align: left;\" align=\"center\"><span style=\"font-size: 12pt;\">Witamy w Parku Naukowo-Technologicznym w E\u0142ku! Oferujemy nowoczesne pomieszczenia biurowe, produkcyjno-us\u0142ugowe o zr\u00f3\u017cnicowanej powierzchni, doskonale dostosowane do r\u00f3\u017cnorodnych potrzeb biznesowych. Skontaktuj si\u0119 z nami i rozpocznij nowy etap rozwoju swojej dzia\u0142alno\u015bci w atrakcyjnej lokalizacji!<\/span><\/h3>\n<h3 style=\"text-align: justify;\" align=\"center\">DZIER\u017bAWA BIURA<\/h3>\n<p style=\"text-align: justify;\" align=\"center\">Zapraszamy do wynajmu biur w PNT. Dysponujemy lokalami biurowymi o powierzchni od 12,5 m<sup>2<\/sup>&nbsp;do 16,6 m<sup>2<\/sup>.<br \/>\nKontakt w zakresie dost\u0119pno\u015bci pomieszcze\u0144 pod numerem telefonu: 87 732 63 01 lub <a href=\"mailto:info@technopark.elk.pl\">info@technopark.elk.pl<\/a><\/p>\n<p><strong>Informacje techniczne<br \/>\n<\/strong><\/p>\n<p>Lokale s\u0105 umeblowane, klimatyzowane i wentylowane. Wyposa\u017cone w pod\u0142\u0105czenie teleinformatyczne w tym internet szerokopasmowy. Gotowe do prowadzenia dzia\u0142alno\u015bci z mo\u017cliwo\u015bci\u0105 dostosowania do indywidualnych potrzeb najemcy. Pomieszczenia znajduj\u0105 si\u0119 na I oraz II pi\u0119trze budynku. Obiekt jest dostosowany do potrzeb os\u00f3b niepe\u0142nosprawnych. Budynek jest monitorowany, na terenie bezp\u0142atny parking.<\/p>\n<p><strong>Wygoda <\/strong><\/p>\n<p>Do Pa\u0144stwa dyspozycji posiadamy sale konferencyjne, szkoleniowe wraz z zapleczem multimedialnym i nag\u0142o\u015bnieniowym&nbsp; oraz otwart\u0105 przestrze\u0144 wypoczynkow\u0105, znajduj\u0105c\u0105 si\u0119 w holu g\u0142\u00f3wnym PNT.<\/p>\n<p><strong>Proponujemy dwie formy wsp\u00f3\u0142pracy:<\/strong><\/p>\n<p><span style=\"color: #003366;\"><strong>1. Wynajem biur \u2013 Firmy istniej\u0105ce na rynku do 3 lat \u2013 startupy.<\/strong><\/span><\/p>\n<p>Wynajem powierzchni biurowych dla os\u00f3b, kt\u00f3re dopiero rozpoczynaj\u0105 w\u0142asn\u0105 dzia\u0142alno\u015b\u0107 gospodarcz\u0105, a tak\u017ce dla tych, kt\u00f3rych firma istnieje na rynku nie d\u0142u\u017cej ni\u017c 3 lata.<br \/>\nFirma pozostaje pod opiek\u0105 <a href=\"https:\/\/technopark.elk.pl\/oferta\/inkubator-przedsiebiorczosci\">Inkubatora Parku Naukowo-Technologicznego w E\u0142ku<\/a> przez 3 lata. W ci\u0105gu tych 3 lat, inkubowana firma korzysta przede wszystkim z preferencyjnych stawek czynszu, kt\u00f3re kszta\u0142tuj\u0105 si\u0119 nast\u0119puj\u0105co:<\/p>\n<ul>\n<li>I rok inkubacji \u2013 75% zni\u017cki,<\/li>\n<li>II rok inkubacji \u2013 50% zni\u017cki,<\/li>\n<li>III rok inkubacji \u2013 20% zni\u017cki.<\/li>\n<\/ul>\n<p>Dzier\u017cawca ponosi r\u00f3wnie\u017c sta\u0142\u0105 op\u0142at\u0119 eksploatacyjn\u0105 w wysoko\u015bci <strong>21,42 z\u0142\/m<sup>2<\/sup> netto <\/strong>oraz koszt zu\u017cycia energii oraz wody. Warunkiem skorzystania z preferencyjnych stawek Inkubatora jest z\u0142o\u017cenie <a href=\"https:\/\/technopark.elk.pl\/oferta\/inkubator-przedsiebiorczosci\/\">wniosku aplikacyjnego<\/a> i jego pozytywna ocena przez komisj\u0119.<br \/>\nPo zako\u0144czeniu inkubacji firma ma mo\u017cliwo\u015b\u0107 kontynuowa\u0107 dzia\u0142alno\u015b\u0107 w PNT, op\u0142acaj\u0105c 100% stawk\u0119 czynszu. Szczeg\u00f3\u0142owe stawki znajduj\u0105 si\u0119 w <strong><a href=\"https:\/\/technopark.elk.pl\/wp-content\/uploads\/2024\/09\/CENNIK-PNT_01042024_zmiana-23092024.pdf\">cenniku<\/a>.<\/strong><\/p>\n<p><span style=\"color: #003366;\"><strong>2. Wynajem biur \u2013 Firmy istniej\u0105ce na rynku powy\u017cej 3 lat.<\/strong><\/span><\/p>\n<p style=\"text-align: justify;\">Stawka komercyjna czynszu za dzier\u017caw\u0119 biura wynosi <strong>36,00 z\u0142\/m<sup>2<\/sup> netto<\/strong>. Dzier\u017cawca ponosi r\u00f3wnie\u017c sta\u0142\u0105 op\u0142at\u0119 eksploatacyjn\u0105 w wysoko\u015bci <strong>21,42 z\u0142\/m<sup>2<\/sup> netto <\/strong>oraz koszt zu\u017cycia energii oraz wody. Szczeg\u00f3\u0142owe stawki znajduj\u0105 si\u0119 w <strong><a href=\"https:\/\/technopark.elk.pl\/wp-content\/uploads\/2024\/09\/CENNIK-PNT_01042024_zmiana-23092024.pdf\">cenniku<\/a>.<\/strong><\/p>\n<p>Do pobrania komplet dokument\u00f3w aplikacyjnych:<\/p>\n<ol>\n<li><a href=\"https:\/\/technopark.elk.pl\/wp-content\/uploads\/2024\/07\/Regulamin-uzytkownikow-PNT.pdf\">Regulamin u\u017cytkownik\u00f3w PNT.pdf<\/a><\/li>\n<li><a href=\"https:\/\/technopark.elk.pl\/wp-content\/uploads\/2024\/07\/ZASADY-RYNKOWE-komplet-dokumentow-24-07-2024.zip\">ZASADY RYNKOWE komplet dokument\u00f3w 24-07-2024.zip<\/a><\/li>\n<\/ol>\n<p>&nbsp;<\/p>\n<p><img decoding=\"async\" loading=\"lazy\" class=\"alignnone wp-image-10612 size-medium\" src=\"https:\/\/technopark.elk.pl\/wp-content\/uploads\/2022\/01\/DSC_6494-300x200.jpg\" alt=\"\" width=\"300\" height=\"200\" srcset=\"https:\/\/technopark.elk.pl\/wp-content\/uploads\/2022\/01\/DSC_6494-300x200.jpg 300w, https:\/\/technopark.elk.pl\/wp-content\/uploads\/2022\/01\/DSC_6494-1024x684.jpg 1024w, https:\/\/technopark.elk.pl\/wp-content\/uploads\/2022\/01\/DSC_6494-768x513.jpg 768w, https:\/\/technopark.elk.pl\/wp-content\/uploads\/2022\/01\/DSC_6494-1536x1025.jpg 1536w, https:\/\/technopark.elk.pl\/wp-content\/uploads\/2022\/01\/DSC_6494-565x377.jpg 565w, https:\/\/technopark.elk.pl\/wp-content\/uploads\/2022\/01\/DSC_6494-160x107.jpg 160w, https:\/\/technopark.elk.pl\/wp-content\/uploads\/2022\/01\/DSC_6494-120x80.jpg 120w, https:\/\/technopark.elk.pl\/wp-content\/uploads\/2022\/01\/DSC_6494.jpg 2000w\" sizes=\"(max-width: 300px) 100vw, 300px\" \/><\/p>\n<p><strong>DZIER\u017bAWA HALI<br \/>\n<\/strong><\/p>\n<div class=\"flex flex-grow flex-col max-w-full\">\n<div class=\"min-h-[20px] text-message flex flex-col items-start gap-3 whitespace-pre-wrap break-words [.text-message+&amp;]:mt-5 overflow-x-auto\" data-message-author-role=\"assistant\" data-message-id=\"716de03b-8a26-44fd-a153-f47b08e966f1\">\n<div class=\"markdown prose w-full break-words dark:prose-invert light\">\n<p>Park Naukowo-Technologiczny w E\u0142ku oferuje pomieszczenia produkcyjno-us\u0142ugowe o zr\u00f3\u017cnicowanej powierzchni (50 m\u00b2 do 250 m\u00b2). Dost\u0119pno\u015b\u0107 przestrzeni produkcyjnej uzale\u017cniona jest od aktualnego zapotrzebowania.<br \/>\nZapraszamy do kontaktu w celu uzyskania szczeg\u00f3\u0142owych informacji i mo\u017cliwo\u015bci wynajmu pod numerem telefonu: 87 732 63 01 lub <a href=\"mailto:info@technopark.elk.pl\">info@technopark.elk.pl<\/a><\/p>\n<\/div>\n<\/div>\n<\/div>\n<p>Hala produkcyjna posiada niezale\u017cne pod\u0142\u0105czenie wodne, elektryczne (w\u0142asne liczniki), klimatyzacyjne i wentylacyjne, jak r\u00f3wnie\u017c teleinformatyczne. Ka\u017cdy modu\u0142 hali posiada niezale\u017cne wej\u015bcie oraz wrota \u017caluzjowe. W przestrzeni komunikacyjnej mog\u0105 porusza\u0107 si\u0119 pojazdy (w\u00f3zki wid\u0142owe, busy) do wysoko\u015bci 280 cm. Przestrze\u0144 produkcyjno-us\u0142ugowa jest wyposa\u017cona w kompletne zaplecze sanitarno\u2013 socjalne tzn. szatnie (z szafkami pracowniczymi), sanitariaty (prysznice, toalety), sto\u0142\u00f3wk\u0119 (wyposa\u017con\u0105 w lod\u00f3wk\u0119, kuchni\u0119 mikrofalow\u0105, czajnik, ekspres do kawy).<\/p>\n<p><strong>Proponujemy dwie formy wsp\u00f3\u0142pracy:<\/strong><\/p>\n<p><strong><span style=\"color: #003366;\">1. Wynajem hali \u2013 Firmy istniej\u0105ce na rynku do 3 lat \u2013 startupy.<\/span><br \/>\n<\/strong><\/p>\n<p>Firma pozostaje pod opiek\u0105 <a href=\"https:\/\/technopark.elk.pl\/oferta\/inkubator-przedsiebiorczosci\">Inkubatora Parku Naukowo-Technologicznego w E\u0142ku<\/a> przez 3 lata. W ci\u0105gu tych 3 lat, inkubowana firma korzysta przede wszystkim z preferencyjnych stawek czynszu, kt\u00f3re kszta\u0142tuj\u0105 si\u0119 nast\u0119puj\u0105co:<\/p>\n<ul>\n<li>I rok inkubacji \u2013 75% zni\u017cki,<\/li>\n<li>II rok inkubacji \u2013 50% zni\u017cki,<\/li>\n<li>III rok inkubacji \u2013&nbsp; 25% zni\u017cki.<\/li>\n<\/ul>\n<p>Dzier\u017cawca ponosi r\u00f3wnie\u017c sta\u0142\u0105 op\u0142at\u0119 eksploatacyjn\u0105 w wysoko\u015bci <strong>21,42<\/strong><strong>&nbsp;z\u0142\/m<sup>2<\/sup> netto <\/strong>oraz koszt zu\u017cycia energii oraz wody. Warunkiem skorzystania z preferencyjnych stawek Inkubatora jest z\u0142o\u017cenie <a href=\"https:\/\/technopark.elk.pl\/oferta\/inkubator-przedsiebiorczosci\/\">wniosku aplikacyjnego<\/a> i jego pozytywna ocena przez komisj\u0119.<\/p>\n<p>Po zako\u0144czeniu inkubacji firma ma mo\u017cliwo\u015b\u0107 kontynuowa\u0107 dzia\u0142alno\u015b\u0107 w PNT, op\u0142acaj\u0105c 100% stawk\u0119 czynszu. Szczeg\u00f3\u0142owe stawki znajduj\u0105 si\u0119 w <strong><a href=\"https:\/\/technopark.elk.pl\/wp-content\/uploads\/2024\/09\/CENNIK-PNT_01042024_zmiana-23092024.pdf\">cenniku<\/a>.<\/strong><\/p>\n<p><span style=\"color: #003366;\">2. <strong>Wynajem hali \u2013 Firmy istniej\u0105ce na rynku powy\u017cej 3 lat.<\/strong><\/span><\/p>\n<p><strong>Stawka komercyjna czynszu za dzier\u017caw\u0119 powierzchni produkcyjno &#8211; us\u0142ugowej wynosi&nbsp; 13,00 z\u0142\/m<sup>2<\/sup> netto<\/strong>. Dzier\u017cawca ponosi r\u00f3wnie\u017c sta\u0142\u0105 op\u0142at\u0119 eksploatacyjn\u0105&nbsp; w wysoko\u015bci <strong>21,42<\/strong><strong>&nbsp;z\u0142\/m<sup>2<\/sup> netto<\/strong> oraz koszt zu\u017cycia energii oraz wody.<br \/>\nSzczeg\u00f3\u0142owe stawki znajduj\u0105 si\u0119 w <strong><a href=\"https:\/\/technopark.elk.pl\/wp-content\/uploads\/2024\/09\/CENNIK-PNT_01042024_zmiana-23092024.pdf\">cenniku<\/a>.<\/strong><\/p>\n<p>Do pobrania komplet dokument\u00f3w aplikacyjnych:<\/p>\n<ol>\n<li><a href=\"https:\/\/technopark.elk.pl\/wp-content\/uploads\/2024\/07\/Regulamin-uzytkownikow-PNT.pdf\">Regulamin u\u017cytkownik\u00f3w PNT.pdf<\/a><\/li>\n<li><a href=\"https:\/\/technopark.elk.pl\/wp-content\/uploads\/2024\/07\/ZASADY-RYNKOWE-komplet-dokumentow-24-07-2024.zip\">ZASADY RYNKOWE komplet dokument\u00f3w 24-07-2024.zip<\/a><\/li>\n<\/ol>\n<p>&nbsp;<\/p>\n<p><img decoding=\"async\" loading=\"lazy\" class=\"alignnone size-full wp-image-8074\" src=\"https:\/\/technopark.elk.pl\/wp-content\/uploads\/2020\/05\/hala05.jpg\" alt=\"\" width=\"2080\" height=\"448\" srcset=\"https:\/\/technopark.elk.pl\/wp-content\/uploads\/2020\/05\/hala05.jpg 2080w, https:\/\/technopark.elk.pl\/wp-content\/uploads\/2020\/05\/hala05-300x65.jpg 300w, https:\/\/technopark.elk.pl\/wp-content\/uploads\/2020\/05\/hala05-768x165.jpg 768w, https:\/\/technopark.elk.pl\/wp-content\/uploads\/2020\/05\/hala05-1024x221.jpg 1024w, https:\/\/technopark.elk.pl\/wp-content\/uploads\/2020\/05\/hala05-565x122.jpg 565w, https:\/\/technopark.elk.pl\/wp-content\/uploads\/2020\/05\/hala05-160x34.jpg 160w, https:\/\/technopark.elk.pl\/wp-content\/uploads\/2020\/05\/hala05-120x26.jpg 120w\" sizes=\"(max-width: 2080px) 100vw, 2080px\" \/><\/p>\n<p><strong>DZIER\u017bAWA POWIERZCHNI LABORATORYJNEJ<\/strong><\/p>\n<p>Park Naukowo-Technologiczny dysponuje profesjonaln\u0105 powierzchni\u0105 laboratoryjn\u0105 na wynajem. Idealne miejsce do nawi\u0105zania wsp\u00f3\u0142pracy z jednostkami badawczo-rozwojowymi z regionu lub rozpocz\u0119cie w\u0142asnych bada\u0144.<br \/>\nKontakt w zakresie dost\u0119pno\u015bci pomieszcze\u0144 pod numerem telefonu: 87 732 63 01 lub <a href=\"mailto:info@technopark.elk.pl\">info@technopark.elk.pl<\/a><\/p>\n<p><strong>Specyfikacja techniczna laboratorium:<\/strong><\/p>\n<p>&#8211; I pi\u0119tro, niezale\u017cne wej\u015bcie, wrota \u017caluzjowe, powierzchnia: 67,41 m2<br \/>\n&#8211; zmywalna posadzka antyseptyczna, sto\u0142y wyspowe i przy\u015bcienne, blaty ze stali kwasoodpornej<br \/>\n&#8211; wentylacja wywiewowa, klimatyzacja<br \/>\n&#8211; przy\u0142\u0105cze wodne, przy\u0142\u0105cze elektryczne<br \/>\n&#8211; internet, parking, zaplecze sanitarno-socjalne<\/p>\n<p><strong><span style=\"color: #003366;\">1. Wynajem laboratorium \u2013 Firmy istniej\u0105ce na rynku do 3 lat \u2013 startupy.<\/span><br \/>\n<\/strong><\/p>\n<p>Firma pozostaje pod opiek\u0105 <a href=\"https:\/\/technopark.elk.pl\/oferta\/inkubator-przedsiebiorczosci\">Inkubatora Parku Naukowo-Technologicznego w E\u0142ku<\/a> przez 3 lata. W ci\u0105gu tych 3 lat, inkubowana firma korzysta przede wszystkim z preferencyjnych stawek czynszu, kt\u00f3re kszta\u0142tuj\u0105 si\u0119 nast\u0119puj\u0105co:<\/p>\n<ul>\n<li>I rok inkubacji \u2013 75% zni\u017cki,<\/li>\n<li>II rok inkubacji \u2013 50% zni\u017cki,<\/li>\n<li>III rok inkubacji \u2013&nbsp; 25% zni\u017cki.<\/li>\n<\/ul>\n<p>Dzier\u017cawca ponosi r\u00f3wnie\u017c sta\u0142\u0105 op\u0142at\u0119 eksploatacyjn\u0105 w wysoko\u015bci <strong>21,42<\/strong><strong>&nbsp;z\u0142\/m<sup>2<\/sup> netto <\/strong>oraz koszt zu\u017cycia energii oraz wody. Warunkiem skorzystania z preferencyjnych stawek Inkubatora jest z\u0142o\u017cenie <a href=\"https:\/\/technopark.elk.pl\/oferta\/inkubator-przedsiebiorczosci\/\">wniosku aplikacyjnego<\/a> i jego pozytywna ocena przez komisj\u0119.<br \/>\nPo zako\u0144czeniu inkubacji firma ma mo\u017cliwo\u015b\u0107 kontynuowa\u0107 dzia\u0142alno\u015b\u0107 w PNT, op\u0142acaj\u0105c 100% stawk\u0119 czynszu. Szczeg\u00f3\u0142owe stawki znajduj\u0105 si\u0119 w <strong><a href=\"https:\/\/technopark.elk.pl\/wp-content\/uploads\/2024\/09\/CENNIK-PNT_01042024_zmiana-23092024.pdf\">cenniku<\/a>.<\/strong><\/p>\n<p><span style=\"color: #003366;\">2. <strong>Wynajem laboratorium \u2013 Firmy istniej\u0105ce na rynku powy\u017cej 3 lat.<\/strong><\/span><\/p>\n<p><strong>Stawka komercyjna czynszu za dzier\u017caw\u0119 powierzchni laboratoryjnej wynos 23,00 z\u0142\/m<sup>2<\/sup> netto<\/strong>. Dzier\u017cawca ponosi r\u00f3wnie\u017c sta\u0142\u0105 op\u0142at\u0119 eksploatacyjn\u0105 w wysoko\u015bci <strong>21,42<\/strong><strong>&nbsp;z\u0142\/m<sup>2<\/sup> netto<\/strong> oraz koszt zu\u017cycia energii oraz wody.<br \/>\nSzczeg\u00f3\u0142owe stawki znajduj\u0105 si\u0119 w <strong><a href=\"https:\/\/technopark.elk.pl\/wp-content\/uploads\/2024\/09\/CENNIK-PNT_01042024_zmiana-23092024.pdf\">cenniku<\/a>.<\/strong><\/p>\n<p>Do pobrania komplet dokument\u00f3w aplikacyjnych:<\/p>\n<ol>\n<li><a href=\"https:\/\/technopark.elk.pl\/wp-content\/uploads\/2024\/07\/Regulamin-uzytkownikow-PNT.pdf\">Regulamin u\u017cytkownik\u00f3w PNT.pdf<\/a><\/li>\n<li><a href=\"https:\/\/technopark.elk.pl\/wp-content\/uploads\/2024\/07\/ZASADY-RYNKOWE-komplet-dokumentow-24-07-2024.zip\">ZASADY RYNKOWE komplet dokument\u00f3w 24-07-2024.zip<\/a><\/li>\n<\/ol>\n<p>&nbsp;<\/p>\n<p><strong>Wsp\u00f3\u0142praca<\/strong><\/p>\n<p>Dzier\u017cawa powierzchni w PNT daje mo\u017cliwo\u015b\u0107 nawi\u0105zania wsp\u00f3\u0142pracy z funkcjonuj\u0105cym w PNT Laboratorium Badania \u017bywno\u015bci i \u015arodowiska Produkcyjnego jak r\u00f3wnie\u017c znajduj\u0105cymi si\u0119 tu lokalnymi przedsi\u0119biorcami.<\/p>\n<p><img decoding=\"async\" loading=\"lazy\" class=\"alignnone wp-image-10238 size-medium\" src=\"https:\/\/technopark.elk.pl\/wp-content\/uploads\/2021\/10\/szemrajfotografi-fotograf-wnetrz-elk-mazury-podlasie-mazowsze-11-300x209.jpg\" alt=\"\" width=\"300\" height=\"209\" srcset=\"https:\/\/technopark.elk.pl\/wp-content\/uploads\/2021\/10\/szemrajfotografi-fotograf-wnetrz-elk-mazury-podlasie-mazowsze-11-300x209.jpg 300w, https:\/\/technopark.elk.pl\/wp-content\/uploads\/2021\/10\/szemrajfotografi-fotograf-wnetrz-elk-mazury-podlasie-mazowsze-11-1024x712.jpg 1024w, https:\/\/technopark.elk.pl\/wp-content\/uploads\/2021\/10\/szemrajfotografi-fotograf-wnetrz-elk-mazury-podlasie-mazowsze-11-768x534.jpg 768w, https:\/\/technopark.elk.pl\/wp-content\/uploads\/2021\/10\/szemrajfotografi-fotograf-wnetrz-elk-mazury-podlasie-mazowsze-11-1536x1069.jpg 1536w, https:\/\/technopark.elk.pl\/wp-content\/uploads\/2021\/10\/szemrajfotografi-fotograf-wnetrz-elk-mazury-podlasie-mazowsze-11-2048x1425.jpg 2048w, https:\/\/technopark.elk.pl\/wp-content\/uploads\/2021\/10\/szemrajfotografi-fotograf-wnetrz-elk-mazury-podlasie-mazowsze-11-542x377.jpg 542w, https:\/\/technopark.elk.pl\/wp-content\/uploads\/2021\/10\/szemrajfotografi-fotograf-wnetrz-elk-mazury-podlasie-mazowsze-11-160x111.jpg 160w, https:\/\/technopark.elk.pl\/wp-content\/uploads\/2021\/10\/szemrajfotografi-fotograf-wnetrz-elk-mazury-podlasie-mazowsze-11-120x83.jpg 120w\" sizes=\"(max-width: 300px) 100vw, 300px\" \/><\/p>","protected":false},"excerpt":{"rendered":"<p>WYNAJEM POWIERZCHNI W PNT: Witamy w Parku Naukowo-Technologicznym w E\u0142ku! Oferujemy nowoczesne pomieszczenia biurowe, produkcyjno-us\u0142ugowe o zr\u00f3\u017cnicowanej powierzchni, doskonale dostosowane do r\u00f3\u017cnorodnych potrzeb biznesowych. Skontaktuj si\u0119 z nami i rozpocznij nowy etap rozwoju swojej dzia\u0142alno\u015bci w atrakcyjnej lokalizacji! DZIER\u017bAWA BIURA Zapraszamy do wynajmu biur w PNT. Dysponujemy lokalami biurowymi o powierzchni od 12,5 m2&nbsp;do 16,6 [&hellip;]<\/p>\n","protected":false},"author":4,"featured_media":0,"parent":66,"menu_order":3,"comment_status":"closed","ping_status":"closed","template":"","meta":{"footnotes":""},"folder":[],"acf":[],"yoast_head":"<!-- This site is optimized with the Yoast SEO plugin v22.6 - https:\/\/yoast.com\/wordpress\/plugins\/seo\/ -->\n<title>Wynajem powierzchni - Technopark<\/title>\n<meta name=\"robots\" content=\"index, follow, max-snippet:-1, max-image-preview:large, max-video-preview:-1\" \/>\n<link rel=\"canonical\" href=\"https:\/\/technopark.elk.pl\/en\/oferta\/biura-i-hale-produkcyjne\/\" \/>\n<meta property=\"og:locale\" content=\"en_US\" \/>\n<meta property=\"og:type\" content=\"article\" \/>\n<meta property=\"og:title\" content=\"Wynajem powierzchni - Technopark\" \/>\n<meta property=\"og:description\" content=\"WYNAJEM POWIERZCHNI W PNT: Witamy w Parku Naukowo-Technologicznym w E\u0142ku! Oferujemy nowoczesne pomieszczenia biurowe, produkcyjno-us\u0142ugowe o zr\u00f3\u017cnicowanej powierzchni, doskonale dostosowane do r\u00f3\u017cnorodnych potrzeb biznesowych. Skontaktuj si\u0119 z nami i rozpocznij nowy etap rozwoju swojej dzia\u0142alno\u015bci w atrakcyjnej lokalizacji! DZIER\u017bAWA BIURA Zapraszamy do wynajmu biur w PNT. Dysponujemy lokalami biurowymi o powierzchni od 12,5 m2&nbsp;do 16,6 [&hellip;]\" \/>\n<meta property=\"og:url\" content=\"https:\/\/technopark.elk.pl\/oferta\/biura-i-hale-produkcyjne\/\" \/>\n<meta property=\"og:site_name\" content=\"Technopark\" \/>\n<meta property=\"article:publisher\" content=\"https:\/\/www.facebook.com\/technopark.elk\" \/>\n<meta property=\"article:modified_time\" content=\"2026-01-05T13:04:11+00:00\" \/>\n<meta property=\"og:image\" content=\"https:\/\/technopark.elk.pl\/wp-content\/uploads\/2022\/01\/DSC_6494-300x200.jpg\" \/>\n<meta name=\"twitter:card\" content=\"summary_large_image\" \/>\n<meta name=\"twitter:label1\" content=\"Est. reading time\" \/>\n\t<meta name=\"twitter:data1\" content=\"6 minutes\" \/>\n<script type=\"application\/ld+json\" class=\"yoast-schema-graph\">{\"@context\":\"https:\/\/schema.org\",\"@graph\":[{\"@type\":\"WebPage\",\"@id\":\"https:\/\/technopark.elk.pl\/oferta\/biura-i-hale-produkcyjne\/\",\"url\":\"https:\/\/technopark.elk.pl\/oferta\/biura-i-hale-produkcyjne\/\",\"name\":\"Wynajem powierzchni - Technopark\",\"isPartOf\":{\"@id\":\"https:\/\/technopark.elk.pl\/#website\"},\"primaryImageOfPage\":{\"@id\":\"https:\/\/technopark.elk.pl\/oferta\/biura-i-hale-produkcyjne\/#primaryimage\"},\"image\":{\"@id\":\"https:\/\/technopark.elk.pl\/oferta\/biura-i-hale-produkcyjne\/#primaryimage\"},\"thumbnailUrl\":\"https:\/\/technopark.elk.pl\/wp-content\/uploads\/2022\/01\/DSC_6494-300x200.jpg\",\"datePublished\":\"2018-04-19T11:40:41+00:00\",\"dateModified\":\"2026-01-05T13:04:11+00:00\",\"breadcrumb\":{\"@id\":\"https:\/\/technopark.elk.pl\/oferta\/biura-i-hale-produkcyjne\/#breadcrumb\"},\"inLanguage\":\"en-US\",\"potentialAction\":[{\"@type\":\"ReadAction\",\"target\":[\"https:\/\/technopark.elk.pl\/oferta\/biura-i-hale-produkcyjne\/\"]}]},{\"@type\":\"ImageObject\",\"inLanguage\":\"en-US\",\"@id\":\"https:\/\/technopark.elk.pl\/oferta\/biura-i-hale-produkcyjne\/#primaryimage\",\"url\":\"https:\/\/technopark.elk.pl\/wp-content\/uploads\/2022\/01\/DSC_6494-300x200.jpg\",\"contentUrl\":\"https:\/\/technopark.elk.pl\/wp-content\/uploads\/2022\/01\/DSC_6494-300x200.jpg\"},{\"@type\":\"BreadcrumbList\",\"@id\":\"https:\/\/technopark.elk.pl\/oferta\/biura-i-hale-produkcyjne\/#breadcrumb\",\"itemListElement\":[{\"@type\":\"ListItem\",\"position\":1,\"name\":\"Strona g\u0142\u00f3wna\",\"item\":\"https:\/\/technopark.elk.pl\/en\/\"},{\"@type\":\"ListItem\",\"position\":2,\"name\":\"Oferta\",\"item\":\"https:\/\/technopark.elk.pl\/oferta\/\"},{\"@type\":\"ListItem\",\"position\":3,\"name\":\"Wynajem powierzchni\"}]},{\"@type\":\"WebSite\",\"@id\":\"https:\/\/technopark.elk.pl\/#website\",\"url\":\"https:\/\/technopark.elk.pl\/\",\"name\":\"Technopark\",\"description\":\"Park Naukowo-Technologiczny w E\u0142ku\",\"potentialAction\":[{\"@type\":\"SearchAction\",\"target\":{\"@type\":\"EntryPoint\",\"urlTemplate\":\"https:\/\/technopark.elk.pl\/?s={search_term_string}\"},\"query-input\":\"required name=search_term_string\"}],\"inLanguage\":\"en-US\"}]}<\/script>\n<!-- \/ Yoast SEO plugin. -->","yoast_head_json":{"title":"Wynajem powierzchni - Technopark","robots":{"index":"index","follow":"follow","max-snippet":"max-snippet:-1","max-image-preview":"max-image-preview:large","max-video-preview":"max-video-preview:-1"},"canonical":"https:\/\/technopark.elk.pl\/en\/oferta\/biura-i-hale-produkcyjne\/","og_locale":"en_US","og_type":"article","og_title":"Wynajem powierzchni - Technopark","og_description":"WYNAJEM POWIERZCHNI W PNT: Witamy w Parku Naukowo-Technologicznym w E\u0142ku! Oferujemy nowoczesne pomieszczenia biurowe, produkcyjno-us\u0142ugowe o zr\u00f3\u017cnicowanej powierzchni, doskonale dostosowane do r\u00f3\u017cnorodnych potrzeb biznesowych. Skontaktuj si\u0119 z nami i rozpocznij nowy etap rozwoju swojej dzia\u0142alno\u015bci w atrakcyjnej lokalizacji! DZIER\u017bAWA BIURA Zapraszamy do wynajmu biur w PNT. Dysponujemy lokalami biurowymi o powierzchni od 12,5 m2&nbsp;do 16,6 [&hellip;]","og_url":"https:\/\/technopark.elk.pl\/oferta\/biura-i-hale-produkcyjne\/","og_site_name":"Technopark","article_publisher":"https:\/\/www.facebook.com\/technopark.elk","article_modified_time":"2026-01-05T13:04:11+00:00","og_image":[{"url":"https:\/\/technopark.elk.pl\/wp-content\/uploads\/2022\/01\/DSC_6494-300x200.jpg"}],"twitter_card":"summary_large_image","twitter_misc":{"Est. reading time":"6 minutes"},"schema":{"@context":"https:\/\/schema.org","@graph":[{"@type":"WebPage","@id":"https:\/\/technopark.elk.pl\/oferta\/biura-i-hale-produkcyjne\/","url":"https:\/\/technopark.elk.pl\/oferta\/biura-i-hale-produkcyjne\/","name":"Wynajem powierzchni - Technopark","isPartOf":{"@id":"https:\/\/technopark.elk.pl\/#website"},"primaryImageOfPage":{"@id":"https:\/\/technopark.elk.pl\/oferta\/biura-i-hale-produkcyjne\/#primaryimage"},"image":{"@id":"https:\/\/technopark.elk.pl\/oferta\/biura-i-hale-produkcyjne\/#primaryimage"},"thumbnailUrl":"https:\/\/technopark.elk.pl\/wp-content\/uploads\/2022\/01\/DSC_6494-300x200.jpg","datePublished":"2018-04-19T11:40:41+00:00","dateModified":"2026-01-05T13:04:11+00:00","breadcrumb":{"@id":"https:\/\/technopark.elk.pl\/oferta\/biura-i-hale-produkcyjne\/#breadcrumb"},"inLanguage":"en-US","potentialAction":[{"@type":"ReadAction","target":["https:\/\/technopark.elk.pl\/oferta\/biura-i-hale-produkcyjne\/"]}]},{"@type":"ImageObject","inLanguage":"en-US","@id":"https:\/\/technopark.elk.pl\/oferta\/biura-i-hale-produkcyjne\/#primaryimage","url":"https:\/\/technopark.elk.pl\/wp-content\/uploads\/2022\/01\/DSC_6494-300x200.jpg","contentUrl":"https:\/\/technopark.elk.pl\/wp-content\/uploads\/2022\/01\/DSC_6494-300x200.jpg"},{"@type":"BreadcrumbList","@id":"https:\/\/technopark.elk.pl\/oferta\/biura-i-hale-produkcyjne\/#breadcrumb","itemListElement":[{"@type":"ListItem","position":1,"name":"Strona g\u0142\u00f3wna","item":"https:\/\/technopark.elk.pl\/en\/"},{"@type":"ListItem","position":2,"name":"Oferta","item":"https:\/\/technopark.elk.pl\/oferta\/"},{"@type":"ListItem","position":3,"name":"Wynajem powierzchni"}]},{"@type":"WebSite","@id":"https:\/\/technopark.elk.pl\/#website","url":"https:\/\/technopark.elk.pl\/","name":"Technopark","description":"Park Naukowo-Technologiczny w E\u0142ku","potentialAction":[{"@type":"SearchAction","target":{"@type":"EntryPoint","urlTemplate":"https:\/\/technopark.elk.pl\/?s={search_term_string}"},"query-input":"required name=search_term_string"}],"inLanguage":"en-US"}]}},"_links":{"self":[{"href":"https:\/\/technopark.elk.pl\/en\/wp-json\/wp\/v2\/pages\/86"}],"collection":[{"href":"https:\/\/technopark.elk.pl\/en\/wp-json\/wp\/v2\/pages"}],"about":[{"href":"https:\/\/technopark.elk.pl\/en\/wp-json\/wp\/v2\/types\/page"}],"author":[{"embeddable":true,"href":"https:\/\/technopark.elk.pl\/en\/wp-json\/wp\/v2\/users\/4"}],"replies":[{"embeddable":true,"href":"https:\/\/technopark.elk.pl\/en\/wp-json\/wp\/v2\/comments?post=86"}],"version-history":[{"count":134,"href":"https:\/\/technopark.elk.pl\/en\/wp-json\/wp\/v2\/pages\/86\/revisions"}],"predecessor-version":[{"id":15924,"href":"https:\/\/technopark.elk.pl\/en\/wp-json\/wp\/v2\/pages\/86\/revisions\/15924"}],"up":[{"embeddable":true,"href":"https:\/\/technopark.elk.pl\/en\/wp-json\/wp\/v2\/pages\/66"}],"wp:attachment":[{"href":"https:\/\/technopark.elk.pl\/en\/wp-json\/wp\/v2\/media?parent=86"}],"wp:term":[{"taxonomy":"folder","embeddable":true,"href":"https:\/\/technopark.elk.pl\/en\/wp-json\/wp\/v2\/folder?post=86"}],"curies":[{"name":"wp","href":"https:\/\/api.w.org\/{rel}","templated":true}]}}